{"id":3513,"date":"2016-09-12T19:56:46","date_gmt":"2016-09-12T17:56:46","guid":{"rendered":"http:\/\/serwer1794989.home.pl\/zs\/home\/platne\/serwer22843\/public_html\/?page_id=3513"},"modified":"2025-09-26T07:29:06","modified_gmt":"2025-09-26T05:29:06","slug":"nauczyciele","status":"publish","type":"page","link":"https:\/\/spsiennica.pl\/index.php\/nauczyciele\/","title":{"rendered":"Nauczyciele"},"content":{"rendered":"<p>[vc_row css=&#8221;.vc_custom_1459860808928{padding-top: 80px !important;padding-bottom: 71px !important;}&#8221;][vc_column offset=&#8221;vc_col-lg-9 vc_col-md-8 vc_col-xs-12&#8243;][stm_title title_tag=&#8221;h2&#8243; subtitle_color=&#8221;dark-gray&#8221; sep_enable=&#8221;true&#8221; subtitle_enable=&#8221;true&#8221; title=&#8221;Nasi nauczyciele&#8221; subtitle_font_size=&#8221;16px&#8221; subtitle_margin_b=&#8221;0px&#8221;]W naszej szkole pracuje 36 nauczycieli. Ka\u017cdy nauczyciel bardzo ch\u0119tnie spotka si\u0119 z Pa\u0144stwem i udzieli wszystkich niezb\u0119dnych informacji o Pa\u0144stwa dzieciach o ich post\u0119pach w nauce, zachowaniu oraz rozwijanych uzdolnieniach[\/stm_title][\/vc_column][\/vc_row][vc_row css=&#8221;.vc_custom_1455947038126{padding-top: 38px !important;padding-bottom: 89px !important;}&#8221;][vc_column width=&#8221;1\/2&#8243; offset=&#8221;vc_col-lg-8 vc_col-md-8&#8243;][\/vc_column][vc_column width=&#8221;1\/2&#8243; offset=&#8221;vc_col-lg-4 vc_col-md-4&#8243;][\/vc_column][\/vc_row][vc_row][vc_column width=&#8221;1\/2&#8243;][stm_title title_tag=&#8221;h3&#8243; sep_enable=&#8221;true&#8221; title=&#8221;Kadra&#8221; sep_margin_b=&#8221;50px&#8221;][\/stm_title][vc_column_text css=&#8221;.vc_custom_1757999423391{margin-bottom: 0px !important;}&#8221;]<\/p>\n<table class=\"stm-staff-table\" style=\"width: 538px; height: 168px;\">\n<thead>\n<tr style=\"height: 24px;\">\n<th style=\"height: 24px; width: 216px;\">Funkcja<\/th>\n<th style=\"height: 24px; width: 306px;\">Imi\u0119 i nazwisko<\/th>\n<\/tr>\n<\/thead>\n<tbody>\n<tr style=\"height: 24px;\">\n<td style=\"height: 24px; width: 216px;\">Dyrektor<\/td>\n<td style=\"height: 24px; width: 306px;\">Katarzyna Czajka<\/td>\n<\/tr>\n<tr style=\"height: 24px;\">\n<td style=\"height: 24px; width: 216px;\">Wicedyrektor<\/td>\n<td style=\"height: 24px; width: 306px;\">Anna Proskura<\/td>\n<\/tr>\n<tr style=\"height: 24px;\">\n<td style=\"height: 24px; width: 216px;\">Sekretarz szko\u0142y<\/td>\n<td style=\"height: 24px; width: 306px;\">Olga Franczak<\/td>\n<\/tr>\n<tr style=\"height: 24px;\">\n<td style=\"height: 24px; width: 216px;\">G\u0142\u00f3wna Ksi\u0119gowa<\/td>\n<td style=\"height: 24px; width: 306px;\">Janina Staszak<\/td>\n<\/tr>\n<tr>\n<td style=\"width: 216px;\">Kierownik Gospodarczy<\/td>\n<td style=\"width: 306px;\">Przemys\u0142aw Kucharski<\/td>\n<\/tr>\n<\/tbody>\n<\/table>\n<p>[\/vc_column_text][stm_spacing lg_spacing=&#8221;100px&#8221; md_spacing=&#8221;50px&#8221;][stm_btn_big btn_icon_size=&#8221;30px&#8221; btn_custom_size=&#8221;true&#8221; btn_icon_enable=&#8221;true&#8221; btn_link=&#8221;url:https%3A%2F%2Fspsiennica.pl%2Findex.php%2Fwymagania-edukacyjne%2F&#8221; btn_link_text=&#8221;Kryteria wymaga\u0144&#8221; btn_secondary_text=&#8221;na poszczeg\u00f3lne stopnie szkolne&#8221; btn_custom_width=&#8221;75%&#8221; btn_icon_fontawesome=&#8221;stm-icon stm-icon-book&#8221;][stm_spacing lg_spacing=&#8221;100px&#8221; md_spacing=&#8221;50px&#8221;][stm_btn_big btn_icon_size=&#8221;30px&#8221; btn_custom_size=&#8221;true&#8221; btn_icon_enable=&#8221;true&#8221; btn_link=&#8221;url:http%3A%2F%2Fspsiennica.pl%2Findex.php%2Fzalaczniki-do-zfss%2F|title:Regulaminy%20i%20procedury|target:%20_blank|&#8221; btn_link_text=&#8221;Zak\u0142adowy Fundusz&#8221; btn_secondary_text=&#8221;\u015awiadcze\u0144 Socjalnych&#8221; btn_custom_width=&#8221;75%&#8221; btn_icon_fontawesome=&#8221;fa fa-file-text-o&#8221;][stm_spacing lg_spacing=&#8221;100px&#8221; md_spacing=&#8221;50px&#8221;][stm_btn_big btn_icon_size=&#8221;30px&#8221; btn_custom_size=&#8221;true&#8221; btn_icon_enable=&#8221;true&#8221; btn_link=&#8221;url:https%3A%2F%2Fspsiennica.pl%2Findex.php%2Fdokumenty-dla-pracownikow%2F|title:Dokumenty|target:_blank&#8221; btn_link_text=&#8221;Dokumenty dla pracownik\u00f3w&#8221; btn_custom_width=&#8221;75%&#8221; btn_icon_fontawesome=&#8221;fa fa-file-text-o&#8221;][stm_spacing lg_spacing=&#8221;100px&#8221; md_spacing=&#8221;50px&#8221;][\/vc_column][vc_column width=&#8221;1\/2&#8243;][stm_title title_tag=&#8221;h3&#8243; sep_enable=&#8221;true&#8221; title=&#8221;Pracownicy dydaktyczni&#8221;][\/stm_title][vc_column_text]&nbsp;<\/p>\n<p>&nbsp;<\/p>\n<table class=\"stm-staff-table\" style=\"width: 618px; height: 829px;\">\n<thead>\n<tr style=\"height: 24px;\">\n<th style=\"height: 24px; width: 143px;\">Przedmiot<\/th>\n<th style=\"height: 24px; width: 301px;\">Imi\u0119 i nazwisko<\/th>\n<\/tr>\n<\/thead>\n<tbody>\n<tr style=\"height: 24px;\">\n<td style=\"height: 24px; width: 143px;\">J\u0119zyk polski<\/td>\n<td style=\"height: 24px; width: 301px;\">Agnieszka Mr\u00f3z, Maryla Rudzka, Monika Saluk<\/td>\n<\/tr>\n<tr style=\"height: 24px;\">\n<td style=\"height: 24px; width: 143px;\">J\u0119zyk angielski<\/td>\n<td style=\"height: 24px; width: 301px;\">Anna Proskura, \u017baneta Kucharska, Urszula Ko\u0142odziej<\/td>\n<\/tr>\n<tr style=\"height: 24px;\">\n<td style=\"height: 24px; width: 143px;\">J\u0119zyk niemiecki<\/td>\n<td style=\"height: 24px; width: 301px;\">Ewelina J\u00f3zefek<\/td>\n<\/tr>\n<tr style=\"height: 24px;\">\n<td style=\"height: 24px; width: 143px;\">Matematyka<\/td>\n<td style=\"height: 24px; width: 301px;\">Agnieszka Miszczuk, Przemys\u0142aw Kucharski, Ma\u0142gorzata Doma\u0144ska<\/td>\n<\/tr>\n<tr style=\"height: 24px;\">\n<td style=\"height: 24px; width: 143px;\">Geografia<\/td>\n<td style=\"height: 24px; width: 301px;\">Renata Malczewska&nbsp;<\/td>\n<\/tr>\n<tr>\n<td style=\"width: 143px;\">Przyroda<\/td>\n<td style=\"width: 301px;\">Renata Malczewska<\/td>\n<\/tr>\n<tr style=\"height: 24px;\">\n<td style=\"height: 24px; width: 143px;\">Chemia<\/td>\n<td style=\"height: 24px; width: 301px;\">Ma\u0142gorzata Doma\u0144ska<\/td>\n<\/tr>\n<tr style=\"height: 24px;\">\n<td style=\"height: 24px; width: 143px;\">Biologia<\/td>\n<td class=\"x-tmpl-cell\" style=\"width: 301px;\">Ka\u017amierczak Magdalena<\/td>\n<\/tr>\n<tr style=\"height: 24px;\">\n<td style=\"height: 24px; width: 143px;\">&nbsp;Plastyka<\/td>\n<td style=\"height: 24px; width: 301px;\">Jadwiga Litkowska<\/td>\n<\/tr>\n<tr style=\"height: 24px;\">\n<td style=\"height: 24px; width: 143px;\">&nbsp;Informatyka<\/td>\n<td style=\"height: 24px; width: 301px;\">Tomasz Malczewski<\/td>\n<\/tr>\n<tr style=\"height: 24px;\">\n<td style=\"height: 24px; width: 143px;\">Muzyka<\/td>\n<td style=\"height: 24px; width: 301px;\">Bart\u0142omiej Ga\u0142us<\/td>\n<\/tr>\n<tr style=\"height: 24px;\">\n<td style=\"height: 24px; width: 143px;\">Historia, WOS<\/td>\n<td style=\"height: 24px; width: 301px;\">Irena Chwa\u0142a<\/td>\n<\/tr>\n<tr style=\"height: 24px;\">\n<td style=\"height: 24px; width: 143px;\">Edukacja Zdrowotna<\/td>\n<td style=\"height: 24px; width: 301px;\">&nbsp;Renata Malczewska<\/td>\n<\/tr>\n<tr style=\"height: 24px;\">\n<td style=\"height: 24px; width: 143px;\">Technika<\/td>\n<td style=\"height: 24px; width: 301px;\">Robert Pawlas<\/td>\n<\/tr>\n<tr>\n<td style=\"width: 143px;\">EDB<\/td>\n<td style=\"width: 301px;\">Jacek Radelczuk<\/td>\n<\/tr>\n<tr style=\"height: 24px;\">\n<td style=\"height: 24px; width: 143px;\">Edukacja wczesnoszkolna<\/td>\n<td style=\"height: 24px; width: 301px;\">Renata Tywoniuk, Jolanta \u0141ukasik, Aneta Trajda, Paraficz Milena, Ewelina Gwarda, Aneta Dulbas.<\/td>\n<\/tr>\n<tr style=\"height: 24px;\">\n<td style=\"height: 24px; width: 143px;\">Wychowanie fizyczne<\/td>\n<td style=\"height: 24px; width: 301px;\">Barbara \u015awieboda, Jacek Radelczuk<\/td>\n<\/tr>\n<tr style=\"height: 24px;\">\n<td style=\"height: 24px; width: 143px;\">Religia<\/td>\n<td style=\"height: 24px; width: 301px;\">Marzena Berbe\u0107, Anna Popek<\/td>\n<\/tr>\n<tr style=\"height: 24px;\">\n<td style=\"height: 24px; width: 143px;\">Pedagog<\/td>\n<td style=\"height: 24px; width: 301px;\">Monika Suse\u0142, Dorota Koguciuk<\/td>\n<\/tr>\n<tr style=\"height: 24px;\">\n<td style=\"height: 24px; width: 143px;\">Psycholog<\/td>\n<td style=\"height: 24px; width: 301px;\">Ilona Kamieniarz<\/td>\n<\/tr>\n<tr style=\"height: 24px;\">\n<td style=\"height: 24px; width: 143px;\">Nauczyciel \u015bwietlicy<\/td>\n<td style=\"height: 24px; width: 301px;\">Ewelina J\u00f3zefek<\/td>\n<\/tr>\n<tr style=\"height: 24px;\">\n<td style=\"height: 24px; width: 143px;\">Fizyka<\/td>\n<td style=\"height: 24px; width: 301px;\">Wojciech Medak<\/td>\n<\/tr>\n<\/tbody>\n<\/table>\n<p>[\/vc_column_text][\/vc_column][\/vc_row]<\/p>\n","protected":false},"excerpt":{"rendered":"<p>[vc_row css=&#8221;.vc_custom_1459860808928{padding-top: 80px !important;padding-bottom: 71px !important;}&#8221;][vc_column offset=&#8221;vc_col-lg-9 vc_col-md-8 vc_col-xs-12&#8243;][stm_title title_tag=&#8221;h2&#8243; subtitle_color=&#8221;dark-gray&#8221; sep_enable=&#8221;true&#8221; subtitle_enable=&#8221;true&#8221; title=&#8221;Nasi nauczyciele&#8221; subtitle_font_size=&#8221;16px&#8221; subtitle_margin_b=&#8221;0px&#8221;]W naszej szkole pracuje 36 nauczycieli. Ka\u017cdy nauczyciel bardzo ch\u0119tnie spotka si\u0119 z Pa\u0144stwem i udzieli wszystkich niezb\u0119dnych informacji o Pa\u0144stwa dzieciach o ich post\u0119pach w nauce, zachowaniu oraz rozwijanych uzdolnieniach[\/stm_title][\/vc_column][\/vc_row][vc_row css=&#8221;.vc_custom_1455947038126{padding-top: 38px !important;padding-bottom: 89px !important;}&#8221;][vc_column width=&#8221;1\/2&#8243; offset=&#8221;vc_col-lg-8 vc_col-md-8&#8243;][\/vc_column][vc_column [&hellip;]<\/p>\n","protected":false},"author":1,"featured_media":0,"parent":0,"menu_order":0,"comment_status":"closed","ping_status":"closed","template":"","meta":{"ngg_post_thumbnail":0,"footnotes":""},"class_list":["post-3513","page","type-page","status-publish","hentry"],"uagb_featured_image_src":{"full":false,"thumbnail":false,"medium":false,"medium_large":false,"large":false,"1536x1536":false,"2048x2048":false,"post-thumbnail":false},"uagb_author_info":{"display_name":"admin","author_link":"https:\/\/spsiennica.pl\/index.php\/author\/admin\/"},"uagb_comment_info":0,"uagb_excerpt":"[vc_row css=&#8221;.vc_custom_1459860808928{padding-top: 80px !important;padding-bottom: 71px !important;}&#8221;][vc_column offset=&#8221;vc_col-lg-9 vc_col-md-8 vc_col-xs-12&#8243;][stm_title title_tag=&#8221;h2&#8243; subtitle_color=&#8221;dark-gray&#8221; sep_enable=&#8221;true&#8221; subtitle_enable=&#8221;true&#8221; title=&#8221;Nasi nauczyciele&#8221; subtitle_font_size=&#8221;16px&#8221; subtitle_margin_b=&#8221;0px&#8221;]W naszej szkole pracuje 36 nauczycieli. Ka\u017cdy nauczyciel bardzo ch\u0119tnie spotka si\u0119 z Pa\u0144stwem i udzieli wszystkich niezb\u0119dnych informacji o Pa\u0144stwa dzieciach o ich post\u0119pach w nauce, zachowaniu oraz rozwijanych uzdolnieniach[\/stm_title][\/vc_column][\/vc_row][vc_row css=&#8221;.vc_custom_1455947038126{padding-top: 38px !important;padding-bottom: 89px !important;}&#8221;][vc_column width=&#8221;1\/2&#8243; offset=&#8221;vc_col-lg-8 vc_col-md-8&#8243;][\/vc_column][vc_column&hellip;","_links":{"self":[{"href":"https:\/\/spsiennica.pl\/index.php\/wp-json\/wp\/v2\/pages\/3513","targetHints":{"allow":["GET"]}}],"collection":[{"href":"https:\/\/spsiennica.pl\/index.php\/wp-json\/wp\/v2\/pages"}],"about":[{"href":"https:\/\/spsiennica.pl\/index.php\/wp-json\/wp\/v2\/types\/page"}],"author":[{"embeddable":true,"href":"https:\/\/spsiennica.pl\/index.php\/wp-json\/wp\/v2\/users\/1"}],"replies":[{"embeddable":true,"href":"https:\/\/spsiennica.pl\/index.php\/wp-json\/wp\/v2\/comments?post=3513"}],"version-history":[{"count":82,"href":"https:\/\/spsiennica.pl\/index.php\/wp-json\/wp\/v2\/pages\/3513\/revisions"}],"predecessor-version":[{"id":53614,"href":"https:\/\/spsiennica.pl\/index.php\/wp-json\/wp\/v2\/pages\/3513\/revisions\/53614"}],"wp:attachment":[{"href":"https:\/\/spsiennica.pl\/index.php\/wp-json\/wp\/v2\/media?parent=3513"}],"curies":[{"name":"wp","href":"https:\/\/api.w.org\/{rel}","templated":true}]}}